{"id":3026,"date":"2021-08-17T08:00:47","date_gmt":"2021-08-17T06:00:47","guid":{"rendered":"https:\/\/www.alviasana.com\/therapies\/long-covid-syndrom\/"},"modified":"2022-03-30T14:18:11","modified_gmt":"2022-03-30T12:18:11","slug":"syndrom-de-long-covid","status":"publish","type":"page","link":"https:\/\/www.alviasana.com\/fr\/therapies\/syndrom-de-long-covid\/","title":{"rendered":"Syndrom de Long Covid"},"content":{"rendered":"\t\t<div data-elementor-type=\"wp-page\" data-elementor-id=\"3026\" class=\"elementor elementor-3026 elementor-822\" data-elementor-post-type=\"page\">\n\t\t\t\t\t\t<section class=\"elementor-section elementor-top-section elementor-element elementor-element-2c0855f elementor-section-height-min-height elementor-section-full_width elementor-section-items-stretch elementor-section-height-default\" data-id=\"2c0855f\" data-element_type=\"section\" data-settings=\"{&quot;background_background&quot;:&quot;classic&quot;}\">\n\t\t\t\t\t\t<div class=\"elementor-container elementor-column-gap-no\">\n\t\t\t\t\t<div class=\"elementor-column elementor-col-100 elementor-top-column elementor-element elementor-element-e5ed4bf\" data-id=\"e5ed4bf\" data-element_type=\"column\" data-settings=\"{&quot;background_background&quot;:&quot;classic&quot;}\">\n\t\t\t<div class=\"elementor-widget-wrap elementor-element-populated\">\n\t\t\t\t\t\t<div class=\"elementor-element elementor-element-6c84b94 elementor-widget elementor-widget-spacer\" data-id=\"6c84b94\" data-element_type=\"widget\" data-widget_type=\"spacer.default\">\n\t\t\t\t<div class=\"elementor-widget-container\">\n\t\t\t\t\t\t\t<div class=\"elementor-spacer\">\n\t\t\t<div class=\"elementor-spacer-inner\"><\/div>\n\t\t<\/div>\n\t\t\t\t\t\t<\/div>\n\t\t\t\t<\/div>\n\t\t\t\t\t<\/div>\n\t\t<\/div>\n\t\t\t\t\t<\/div>\n\t\t<\/section>\n\t\t\t\t<section class=\"elementor-section elementor-top-section elementor-element elementor-element-cb8d940 elementor-section-content-middle elementor-section-boxed elementor-section-height-default elementor-section-height-default\" data-id=\"cb8d940\" data-element_type=\"section\" data-settings=\"{&quot;background_background&quot;:&quot;classic&quot;,&quot;motion_fx_motion_fx_scrolling&quot;:&quot;yes&quot;,&quot;motion_fx_translateY_effect&quot;:&quot;yes&quot;,&quot;motion_fx_translateY_speed&quot;:{&quot;unit&quot;:&quot;px&quot;,&quot;size&quot;:&quot;0.5&quot;,&quot;sizes&quot;:[]},&quot;motion_fx_translateY_affectedRange&quot;:{&quot;unit&quot;:&quot;%&quot;,&quot;size&quot;:&quot;&quot;,&quot;sizes&quot;:{&quot;start&quot;:0,&quot;end&quot;:100}},&quot;motion_fx_devices&quot;:[&quot;desktop&quot;,&quot;tablet&quot;,&quot;mobile&quot;]}\">\n\t\t\t\t\t\t<div class=\"elementor-container elementor-column-gap-no\">\n\t\t\t\t\t<div class=\"elementor-column elementor-col-100 elementor-top-column elementor-element elementor-element-aaf2f58\" data-id=\"aaf2f58\" data-element_type=\"column\" data-settings=\"{&quot;background_background&quot;:&quot;classic&quot;}\">\n\t\t\t<div class=\"elementor-widget-wrap elementor-element-populated\">\n\t\t\t\t\t\t<div class=\"elementor-element elementor-element-21f0968 elementor-widget elementor-widget-heading\" data-id=\"21f0968\" data-element_type=\"widget\" data-widget_type=\"heading.default\">\n\t\t\t\t<div class=\"elementor-widget-container\">\n\t\t\t\t\t<h1 class=\"elementor-heading-title elementor-size-default\">Syndrome de Long Covid - Que faire?<\/h1>\t\t\t\t<\/div>\n\t\t\t\t<\/div>\n\t\t\t\t<div class=\"elementor-element elementor-element-2ee9b94 elementor-widget-divider--view-line elementor-widget elementor-widget-divider\" data-id=\"2ee9b94\" data-element_type=\"widget\" data-widget_type=\"divider.default\">\n\t\t\t\t<div class=\"elementor-widget-container\">\n\t\t\t\t\t\t\t<div class=\"elementor-divider\">\n\t\t\t<span class=\"elementor-divider-separator\">\n\t\t\t\t\t\t<\/span>\n\t\t<\/div>\n\t\t\t\t\t\t<\/div>\n\t\t\t\t<\/div>\n\t\t\t\t<div class=\"elementor-element elementor-element-bdebf5c elementor-widget elementor-widget-text-editor\" data-id=\"bdebf5c\" data-element_type=\"widget\" data-widget_type=\"text-editor.default\">\n\t\t\t\t<div class=\"elementor-widget-container\">\n\t\t\t\t\t\t\t\t\t<p>Sur la base de notre exp\u00e9rience des infections chroniques, nous proposons un diagnostic sp\u00e9cifique du syndrome du Long Covid et une th\u00e9rapie personnalis\u00e9e pour chaque patient.<\/p>\t\t\t\t\t\t\t\t<\/div>\n\t\t\t\t<\/div>\n\t\t\t\t\t<\/div>\n\t\t<\/div>\n\t\t\t\t\t<\/div>\n\t\t<\/section>\n\t\t\t\t<section class=\"elementor-section elementor-top-section elementor-element elementor-element-309e88f elementor-section-full_width elementor-section-content-middle elementor-section-height-default elementor-section-height-default\" data-id=\"309e88f\" data-element_type=\"section\">\n\t\t\t\t\t\t<div class=\"elementor-container elementor-column-gap-no\">\n\t\t\t\t\t<div class=\"elementor-column elementor-col-100 elementor-top-column elementor-element elementor-element-ea7ff86\" data-id=\"ea7ff86\" data-element_type=\"column\">\n\t\t\t<div class=\"elementor-widget-wrap elementor-element-populated\">\n\t\t\t\t\t\t<div class=\"elementor-element elementor-element-daf22a0 elementor-widget__width-initial elementor-widget-tablet__width-initial elementor-widget-mobile__width-initial elementor-absolute elementor-widget elementor-widget-spacer\" data-id=\"daf22a0\" data-element_type=\"widget\" data-settings=\"{&quot;_position&quot;:&quot;absolute&quot;,&quot;motion_fx_motion_fx_scrolling&quot;:&quot;yes&quot;,&quot;motion_fx_translateY_effect&quot;:&quot;yes&quot;,&quot;motion_fx_translateY_direction&quot;:&quot;negative&quot;,&quot;motion_fx_translateY_speed&quot;:{&quot;unit&quot;:&quot;px&quot;,&quot;size&quot;:&quot;1&quot;,&quot;sizes&quot;:[]},&quot;motion_fx_devices&quot;:[&quot;desktop&quot;,&quot;tablet&quot;],&quot;motion_fx_translateY_affectedRange&quot;:{&quot;unit&quot;:&quot;%&quot;,&quot;size&quot;:&quot;&quot;,&quot;sizes&quot;:{&quot;start&quot;:0,&quot;end&quot;:100}}}\" data-widget_type=\"spacer.default\">\n\t\t\t\t<div class=\"elementor-widget-container\">\n\t\t\t\t\t\t\t<div class=\"elementor-spacer\">\n\t\t\t<div class=\"elementor-spacer-inner\"><\/div>\n\t\t<\/div>\n\t\t\t\t\t\t<\/div>\n\t\t\t\t<\/div>\n\t\t\t\t<section class=\"elementor-section elementor-inner-section elementor-element elementor-element-a79dcb2 elementor-section-content-middle elementor-section-height-min-height elementor-section-boxed elementor-section-height-default\" data-id=\"a79dcb2\" data-element_type=\"section\">\n\t\t\t\t\t\t<div class=\"elementor-container elementor-column-gap-no\">\n\t\t\t\t\t<div class=\"elementor-column elementor-col-50 elementor-inner-column elementor-element elementor-element-65247c3 elementor-invisible\" data-id=\"65247c3\" data-element_type=\"column\" data-settings=\"{&quot;background_background&quot;:&quot;classic&quot;,&quot;background_motion_fx_motion_fx_scrolling&quot;:&quot;yes&quot;,&quot;background_motion_fx_translateY_effect&quot;:&quot;yes&quot;,&quot;background_motion_fx_translateY_speed&quot;:{&quot;unit&quot;:&quot;px&quot;,&quot;size&quot;:&quot;1&quot;,&quot;sizes&quot;:[]},&quot;animation&quot;:&quot;slideInLeft&quot;,&quot;background_motion_fx_translateY_affectedRange&quot;:{&quot;unit&quot;:&quot;%&quot;,&quot;size&quot;:&quot;&quot;,&quot;sizes&quot;:{&quot;start&quot;:0,&quot;end&quot;:100}},&quot;background_motion_fx_devices&quot;:[&quot;desktop&quot;,&quot;tablet&quot;,&quot;mobile&quot;]}\">\n\t\t\t<div class=\"elementor-widget-wrap elementor-element-populated\">\n\t\t\t\t\t\t<div class=\"elementor-element elementor-element-10002da elementor-widget elementor-widget-spacer\" data-id=\"10002da\" data-element_type=\"widget\" data-widget_type=\"spacer.default\">\n\t\t\t\t<div class=\"elementor-widget-container\">\n\t\t\t\t\t\t\t<div class=\"elementor-spacer\">\n\t\t\t<div class=\"elementor-spacer-inner\"><\/div>\n\t\t<\/div>\n\t\t\t\t\t\t<\/div>\n\t\t\t\t<\/div>\n\t\t\t\t\t<\/div>\n\t\t<\/div>\n\t\t\t\t<div class=\"elementor-column elementor-col-50 elementor-inner-column elementor-element elementor-element-6bc3363\" data-id=\"6bc3363\" data-element_type=\"column\">\n\t\t\t<div class=\"elementor-widget-wrap elementor-element-populated\">\n\t\t\t\t\t\t<div class=\"elementor-element elementor-element-321a3e9 elementor-widget elementor-widget-heading\" data-id=\"321a3e9\" data-element_type=\"widget\" data-widget_type=\"heading.default\">\n\t\t\t\t<div class=\"elementor-widget-container\">\n\t\t\t\t\t<h3 class=\"elementor-heading-title elementor-size-default\">Sympt\u00f4mes<\/h3>\t\t\t\t<\/div>\n\t\t\t\t<\/div>\n\t\t\t\t<div class=\"elementor-element elementor-element-beea854 elementor-widget elementor-widget-text-editor\" data-id=\"beea854\" data-element_type=\"widget\" data-widget_type=\"text-editor.default\">\n\t\t\t\t<div class=\"elementor-widget-container\">\n\t\t\t\t\t\t\t\t\t<p>Le syndrome du long covid se caract\u00e9rise par une fatigue extr\u00eame et un \u00e9puisement extr\u00eame. S&rsquo;y ajoutent des performances fortement r\u00e9duites, des palpitations, un essoufflement, un manque de concentration, des maux de t\u00eate, des insomnies et un \u00ab\u00a0brouillard c\u00e9r\u00e9bral\u00a0\u00bb. Parfois, on observe \u00e9galement des d\u00e9ficiences auditives et visuelles, des douleurs dans les jambes, une perte de cheveux, des acouph\u00e8nes, des troubles du sommeil et des palpitations cardiaques.<\/p>\t\t\t\t\t\t\t\t<\/div>\n\t\t\t\t<\/div>\n\t\t\t\t\t<\/div>\n\t\t<\/div>\n\t\t\t\t\t<\/div>\n\t\t<\/section>\n\t\t\t\t\t<\/div>\n\t\t<\/div>\n\t\t\t\t\t<\/div>\n\t\t<\/section>\n\t\t\t\t<section class=\"elementor-section elementor-top-section elementor-element elementor-element-3bf1393 elementor-section-full_width elementor-section-height-default elementor-section-height-default\" data-id=\"3bf1393\" data-element_type=\"section\" data-settings=\"{&quot;background_background&quot;:&quot;classic&quot;}\">\n\t\t\t\t\t\t<div class=\"elementor-container elementor-column-gap-no\">\n\t\t\t\t\t<div class=\"elementor-column elementor-col-66 elementor-top-column elementor-element elementor-element-d64a814\" data-id=\"d64a814\" data-element_type=\"column\">\n\t\t\t<div class=\"elementor-widget-wrap elementor-element-populated\">\n\t\t\t\t\t\t<div class=\"elementor-element elementor-element-c9ae396 elementor-widget elementor-widget-heading\" data-id=\"c9ae396\" data-element_type=\"widget\" data-settings=\"{&quot;_animation_mobile&quot;:&quot;none&quot;}\" data-widget_type=\"heading.default\">\n\t\t\t\t<div class=\"elementor-widget-container\">\n\t\t\t\t\t<h3 class=\"elementor-heading-title elementor-size-default\">Cause<\/h3>\t\t\t\t<\/div>\n\t\t\t\t<\/div>\n\t\t\t\t<div class=\"elementor-element elementor-element-9d899b0 elementor-widget elementor-widget-text-editor\" data-id=\"9d899b0\" data-element_type=\"widget\" data-settings=\"{&quot;_animation_mobile&quot;:&quot;none&quot;}\" data-widget_type=\"text-editor.default\">\n\t\t\t\t<div class=\"elementor-widget-container\">\n\t\t\t\t\t\t\t\t\t<p>Plusieurs causes sont envisag\u00e9es. Par exemple, le virus pourrait \u00eatre persistant, car les anticorps form\u00e9s contre Covid ne sont pas capables de tuer le virus partout dans le corps. Ainsi, les virus pourraient s&rsquo;installer dans des \u00ab\u00a0r\u00e9servoirs\u00a0\u00bb quelque part dans les tissus et lancer de nouvelles attaques \u00e0 partir de l\u00e0. En outre, il est concevable que des fragments du virus restent dans les tissus apr\u00e8s la bataille de d\u00e9fense contre le syst\u00e8me immunitaire. Ceux-ci peuvent encore d\u00e9clencher une r\u00e9action du syst\u00e8me immunitaire des mois apr\u00e8s l&rsquo;infection initiale, qui attaque alors son propre corps par une sorte de bombardement continu afin de les attraper. La cause du syst\u00e8me long covid correspond alors \u00e0 une r\u00e9action excessive du syst\u00e8me immunitaire avec la formation d&rsquo;auto-anticorps. Ceux-ci d\u00e9clenchent des maladies auto-immunes.<\/p><p>En outre, des infections chroniques qui passaient jusque-l\u00e0 inaper\u00e7ues se d\u00e9clarent en raison de l&rsquo;affaiblissement du syst\u00e8me immunitaire. L&rsquo;exposition aux m\u00e9taux lourds et aux toxines des moisissures ainsi que la perturbation des capacit\u00e9s de d\u00e9toxification de l&rsquo;organisme, comme le MTHFR, peuvent encore compliquer la situation.\u00a0<\/p>\t\t\t\t\t\t\t\t<\/div>\n\t\t\t\t<\/div>\n\t\t\t\t\t<\/div>\n\t\t<\/div>\n\t\t\t\t<div class=\"elementor-column elementor-col-33 elementor-top-column elementor-element elementor-element-a3ffcca elementor-hidden-tablet elementor-hidden-phone\" data-id=\"a3ffcca\" data-element_type=\"column\">\n\t\t\t<div class=\"elementor-widget-wrap\">\n\t\t\t\t\t\t\t<\/div>\n\t\t<\/div>\n\t\t\t\t\t<\/div>\n\t\t<\/section>\n\t\t\t\t<section class=\"elementor-section elementor-top-section elementor-element elementor-element-f1ba346 elementor-section-full_width elementor-section-content-top elementor-section-height-default elementor-section-height-default\" data-id=\"f1ba346\" data-element_type=\"section\">\n\t\t\t\t\t\t<div class=\"elementor-container elementor-column-gap-no\">\n\t\t\t\t\t<div class=\"elementor-column elementor-col-100 elementor-top-column elementor-element elementor-element-31132df\" data-id=\"31132df\" data-element_type=\"column\">\n\t\t\t<div class=\"elementor-widget-wrap elementor-element-populated\">\n\t\t\t\t\t\t<div class=\"elementor-element elementor-element-8b5d2a9 elementor-widget__width-initial elementor-widget-tablet__width-initial elementor-widget-mobile__width-initial elementor-absolute elementor-widget elementor-widget-spacer\" data-id=\"8b5d2a9\" data-element_type=\"widget\" data-settings=\"{&quot;_position&quot;:&quot;absolute&quot;,&quot;motion_fx_motion_fx_scrolling&quot;:&quot;yes&quot;,&quot;motion_fx_translateY_effect&quot;:&quot;yes&quot;,&quot;motion_fx_translateY_speed&quot;:{&quot;unit&quot;:&quot;px&quot;,&quot;size&quot;:&quot;1&quot;,&quot;sizes&quot;:[]},&quot;motion_fx_translateY_affectedRange&quot;:{&quot;unit&quot;:&quot;%&quot;,&quot;size&quot;:&quot;&quot;,&quot;sizes&quot;:{&quot;start&quot;:0,&quot;end&quot;:100}},&quot;motion_fx_devices&quot;:[&quot;desktop&quot;,&quot;tablet&quot;,&quot;mobile&quot;]}\" data-widget_type=\"spacer.default\">\n\t\t\t\t<div class=\"elementor-widget-container\">\n\t\t\t\t\t\t\t<div class=\"elementor-spacer\">\n\t\t\t<div class=\"elementor-spacer-inner\"><\/div>\n\t\t<\/div>\n\t\t\t\t\t\t<\/div>\n\t\t\t\t<\/div>\n\t\t\t\t<section class=\"elementor-section elementor-inner-section elementor-element elementor-element-e98d30a elementor-section-content-middle elementor-section-height-min-height elementor-reverse-mobile elementor-section-boxed elementor-section-height-default\" data-id=\"e98d30a\" data-element_type=\"section\">\n\t\t\t\t\t\t<div class=\"elementor-container elementor-column-gap-no\">\n\t\t\t\t\t<div class=\"elementor-column elementor-col-50 elementor-inner-column elementor-element elementor-element-53692c6\" data-id=\"53692c6\" data-element_type=\"column\">\n\t\t\t<div class=\"elementor-widget-wrap elementor-element-populated\">\n\t\t\t\t\t\t<div class=\"elementor-element elementor-element-6a76cf7 elementor-widget elementor-widget-heading\" data-id=\"6a76cf7\" data-element_type=\"widget\" data-widget_type=\"heading.default\">\n\t\t\t\t<div class=\"elementor-widget-container\">\n\t\t\t\t\t<h3 class=\"elementor-heading-title elementor-size-default\">Therapie<\/h3>\t\t\t\t<\/div>\n\t\t\t\t<\/div>\n\t\t\t\t<div class=\"elementor-element elementor-element-5444292 ado-underline-link2 elementor-widget elementor-widget-text-editor\" data-id=\"5444292\" data-element_type=\"widget\" data-widget_type=\"text-editor.default\">\n\t\t\t\t<div class=\"elementor-widget-container\">\n\t\t\t\t\t\t\t\t\t<p>Sur la base de notre exp\u00e9rience des infections chroniques, nous proposons un diagnostic m\u00e9thodique et une th\u00e9rapie coordonn\u00e9e avec et pour le patient. Nous v\u00e9rifions chez nos patients la pr\u00e9sence d&rsquo;infections de COVID et chroniques &#8211; le spectre comprend les infections bact\u00e9riennes, virales et parasitaires -, certains param\u00e8tres m\u00e9taboliques et inflammatoires et contr\u00f4lons le syst\u00e8me immunitaire.<\/p><p>Sur la base de ces informations, nous \u00e9laborons un concept th\u00e9rapeutique adapt\u00e9 au patient.<\/p><p>Celui-ci comprend d&rsquo;abord &#8211; si n\u00e9cessaire &#8211; une th\u00e9rapie de l&rsquo;infection chronique et une th\u00e9rapie avec des perfusions et des micronutriments s\u00e9lectionn\u00e9s. Cette th\u00e9rapie est compl\u00e9t\u00e9e individuellement par l\u00b4<a href=\"https:\/\/www.alviasana.com\/fr\/therapies\/therapie-a-lozone\/\">ozone-oxyg\u00e9noth\u00e9rapie<\/a>, l\u00b4<a href=\"https:\/\/www.alviasana.com\/fr\/therapies\/therapie-par-loxygene\/\"> oxyg\u00e9noth\u00e9rapie<\/a>, l\u00b4acupuncture et l\u00b4<a href=\"https:\/\/www.alviasana.com\/fr\/therapies\/hyperthermie-corps-entier\/\">hyperthermie du corps entier<\/a> moder\u00e9e.<\/p><p>L&rsquo;objectif de cette th\u00e9rapie est de soulager les sympt\u00f4mes du Long Covid et surtout d&rsquo;am\u00e9liorer l&rsquo;extr\u00eame fatigue et la lassitude.<\/p>\t\t\t\t\t\t\t\t<\/div>\n\t\t\t\t<\/div>\n\t\t\t\t\t<\/div>\n\t\t<\/div>\n\t\t\t\t<div class=\"elementor-column elementor-col-50 elementor-inner-column elementor-element elementor-element-7be7ecf elementor-invisible\" data-id=\"7be7ecf\" data-element_type=\"column\" data-settings=\"{&quot;background_background&quot;:&quot;classic&quot;,&quot;background_motion_fx_motion_fx_scrolling&quot;:&quot;yes&quot;,&quot;background_motion_fx_translateY_effect&quot;:&quot;yes&quot;,&quot;background_motion_fx_translateY_direction&quot;:&quot;negative&quot;,&quot;background_motion_fx_translateY_speed&quot;:{&quot;unit&quot;:&quot;px&quot;,&quot;size&quot;:&quot;1&quot;,&quot;sizes&quot;:[]},&quot;animation&quot;:&quot;slideInRight&quot;,&quot;background_motion_fx_translateY_affectedRange&quot;:{&quot;unit&quot;:&quot;%&quot;,&quot;size&quot;:&quot;&quot;,&quot;sizes&quot;:{&quot;start&quot;:0,&quot;end&quot;:100}},&quot;background_motion_fx_devices&quot;:[&quot;desktop&quot;,&quot;tablet&quot;,&quot;mobile&quot;]}\">\n\t\t\t<div class=\"elementor-widget-wrap elementor-element-populated\">\n\t\t\t\t\t\t<div class=\"elementor-element elementor-element-47d2a06 elementor-widget elementor-widget-spacer\" data-id=\"47d2a06\" data-element_type=\"widget\" data-widget_type=\"spacer.default\">\n\t\t\t\t<div class=\"elementor-widget-container\">\n\t\t\t\t\t\t\t<div class=\"elementor-spacer\">\n\t\t\t<div class=\"elementor-spacer-inner\"><\/div>\n\t\t<\/div>\n\t\t\t\t\t\t<\/div>\n\t\t\t\t<\/div>\n\t\t\t\t\t<\/div>\n\t\t<\/div>\n\t\t\t\t\t<\/div>\n\t\t<\/section>\n\t\t\t\t\t<\/div>\n\t\t<\/div>\n\t\t\t\t\t<\/div>\n\t\t<\/section>\n\t\t\t\t<\/div>\n\t\t","protected":false},"excerpt":{"rendered":"<p>Syndrome de Long Covid &#8211; Que faire? Sur la base de notre exp\u00e9rience des infections chroniques, nous proposons un diagnostic sp\u00e9cifique du syndrome du Long Covid et une th\u00e9rapie personnalis\u00e9e pour chaque patient. Sympt\u00f4mes Le syndrome du long covid se caract\u00e9rise par une fatigue extr\u00eame et un \u00e9puisement extr\u00eame. S&rsquo;y ajoutent des performances fortement r\u00e9duites, [&hellip;]<\/p>\n","protected":false},"author":2,"featured_media":0,"parent":3015,"menu_order":0,"comment_status":"closed","ping_status":"closed","template":"","meta":{"_acf_changed":false,"footnotes":""},"class_list":["post-3026","page","type-page","status-publish","hentry"],"acf":[],"yoast_head":"<!-- This site is optimized with the Yoast SEO plugin v26.2 - https:\/\/yoast.com\/wordpress\/plugins\/seo\/ -->\n<title>Syndrom de Long Covid - Alviasana<\/title>\n<meta name=\"description\" content=\"Syndrome de Long Covid - que faire ? Nous proposons un diagnostic syst\u00e9matique et une th\u00e9rapie adapt\u00e9e avec et pour le patient.\" \/>\n<meta name=\"robots\" content=\"index, follow, max-snippet:-1, max-image-preview:large, max-video-preview:-1\" \/>\n<link rel=\"canonical\" href=\"https:\/\/www.alviasana.com\/fr\/therapies\/syndrom-de-long-covid\/\" \/>\n<meta property=\"og:locale\" content=\"fr_FR\" \/>\n<meta property=\"og:type\" content=\"article\" \/>\n<meta property=\"og:title\" content=\"Syndrom de Long Covid - Alviasana\" \/>\n<meta property=\"og:description\" content=\"Syndrome de Long Covid - que faire ? Nous proposons un diagnostic syst\u00e9matique et une th\u00e9rapie adapt\u00e9e avec et pour le patient.\" \/>\n<meta property=\"og:url\" content=\"https:\/\/www.alviasana.com\/fr\/therapies\/syndrom-de-long-covid\/\" \/>\n<meta property=\"og:site_name\" content=\"Alviasana\" \/>\n<meta property=\"article:modified_time\" content=\"2022-03-30T12:18:11+00:00\" \/>\n<meta name=\"twitter:card\" content=\"summary_large_image\" \/>\n<meta name=\"twitter:label1\" content=\"Dur\u00e9e de lecture estim\u00e9e\" \/>\n\t<meta name=\"twitter:data1\" content=\"2 minutes\" \/>\n<script type=\"application\/ld+json\" class=\"yoast-schema-graph\">{\"@context\":\"https:\/\/schema.org\",\"@graph\":[{\"@type\":\"WebPage\",\"@id\":\"https:\/\/www.alviasana.com\/fr\/therapies\/syndrom-de-long-covid\/\",\"url\":\"https:\/\/www.alviasana.com\/fr\/therapies\/syndrom-de-long-covid\/\",\"name\":\"Syndrom de Long Covid - Alviasana\",\"isPartOf\":{\"@id\":\"https:\/\/www.alviasana.com\/#website\"},\"datePublished\":\"2021-08-17T06:00:47+00:00\",\"dateModified\":\"2022-03-30T12:18:11+00:00\",\"description\":\"Syndrome de Long Covid - que faire ? Nous proposons un diagnostic syst\u00e9matique et une th\u00e9rapie adapt\u00e9e avec et pour le patient.\",\"breadcrumb\":{\"@id\":\"https:\/\/www.alviasana.com\/fr\/therapies\/syndrom-de-long-covid\/#breadcrumb\"},\"inLanguage\":\"fr-FR\",\"potentialAction\":[{\"@type\":\"ReadAction\",\"target\":[\"https:\/\/www.alviasana.com\/fr\/therapies\/syndrom-de-long-covid\/\"]}]},{\"@type\":\"BreadcrumbList\",\"@id\":\"https:\/\/www.alviasana.com\/fr\/therapies\/syndrom-de-long-covid\/#breadcrumb\",\"itemListElement\":[{\"@type\":\"ListItem\",\"position\":1,\"name\":\"Startseite\",\"item\":\"https:\/\/www.alviasana.com\/fr\/\"},{\"@type\":\"ListItem\",\"position\":2,\"name\":\"Th\u00e9rapies\",\"item\":\"https:\/\/www.alviasana.com\/fr\/therapies\/\"},{\"@type\":\"ListItem\",\"position\":3,\"name\":\"Syndrom de Long Covid\"}]},{\"@type\":\"WebSite\",\"@id\":\"https:\/\/www.alviasana.com\/#website\",\"url\":\"https:\/\/www.alviasana.com\/\",\"name\":\"Alviasana\",\"description\":\"Privatpraxis f\u00fcr Lyme-Borreliose und chronische Infektionen\",\"publisher\":{\"@id\":\"https:\/\/www.alviasana.com\/#organization\"},\"potentialAction\":[{\"@type\":\"SearchAction\",\"target\":{\"@type\":\"EntryPoint\",\"urlTemplate\":\"https:\/\/www.alviasana.com\/?s={search_term_string}\"},\"query-input\":{\"@type\":\"PropertyValueSpecification\",\"valueRequired\":true,\"valueName\":\"search_term_string\"}}],\"inLanguage\":\"fr-FR\"},{\"@type\":\"Organization\",\"@id\":\"https:\/\/www.alviasana.com\/#organization\",\"name\":\"Alviasana\",\"url\":\"https:\/\/www.alviasana.com\/\",\"logo\":{\"@type\":\"ImageObject\",\"inLanguage\":\"fr-FR\",\"@id\":\"https:\/\/www.alviasana.com\/#\/schema\/logo\/image\/\",\"url\":\"https:\/\/www.alviasana.com\/wp-content\/uploads\/2021\/07\/Alvia_Logo_RGB.svg\",\"contentUrl\":\"https:\/\/www.alviasana.com\/wp-content\/uploads\/2021\/07\/Alvia_Logo_RGB.svg\",\"width\":1,\"height\":1,\"caption\":\"Alviasana\"},\"image\":{\"@id\":\"https:\/\/www.alviasana.com\/#\/schema\/logo\/image\/\"}}]}<\/script>\n<!-- \/ Yoast SEO plugin. -->","yoast_head_json":{"title":"Syndrom de Long Covid - Alviasana","description":"Syndrome de Long Covid - que faire ? Nous proposons un diagnostic syst\u00e9matique et une th\u00e9rapie adapt\u00e9e avec et pour le patient.","robots":{"index":"index","follow":"follow","max-snippet":"max-snippet:-1","max-image-preview":"max-image-preview:large","max-video-preview":"max-video-preview:-1"},"canonical":"https:\/\/www.alviasana.com\/fr\/therapies\/syndrom-de-long-covid\/","og_locale":"fr_FR","og_type":"article","og_title":"Syndrom de Long Covid - Alviasana","og_description":"Syndrome de Long Covid - que faire ? Nous proposons un diagnostic syst\u00e9matique et une th\u00e9rapie adapt\u00e9e avec et pour le patient.","og_url":"https:\/\/www.alviasana.com\/fr\/therapies\/syndrom-de-long-covid\/","og_site_name":"Alviasana","article_modified_time":"2022-03-30T12:18:11+00:00","twitter_card":"summary_large_image","twitter_misc":{"Dur\u00e9e de lecture estim\u00e9e":"2 minutes"},"schema":{"@context":"https:\/\/schema.org","@graph":[{"@type":"WebPage","@id":"https:\/\/www.alviasana.com\/fr\/therapies\/syndrom-de-long-covid\/","url":"https:\/\/www.alviasana.com\/fr\/therapies\/syndrom-de-long-covid\/","name":"Syndrom de Long Covid - Alviasana","isPartOf":{"@id":"https:\/\/www.alviasana.com\/#website"},"datePublished":"2021-08-17T06:00:47+00:00","dateModified":"2022-03-30T12:18:11+00:00","description":"Syndrome de Long Covid - que faire ? Nous proposons un diagnostic syst\u00e9matique et une th\u00e9rapie adapt\u00e9e avec et pour le patient.","breadcrumb":{"@id":"https:\/\/www.alviasana.com\/fr\/therapies\/syndrom-de-long-covid\/#breadcrumb"},"inLanguage":"fr-FR","potentialAction":[{"@type":"ReadAction","target":["https:\/\/www.alviasana.com\/fr\/therapies\/syndrom-de-long-covid\/"]}]},{"@type":"BreadcrumbList","@id":"https:\/\/www.alviasana.com\/fr\/therapies\/syndrom-de-long-covid\/#breadcrumb","itemListElement":[{"@type":"ListItem","position":1,"name":"Startseite","item":"https:\/\/www.alviasana.com\/fr\/"},{"@type":"ListItem","position":2,"name":"Th\u00e9rapies","item":"https:\/\/www.alviasana.com\/fr\/therapies\/"},{"@type":"ListItem","position":3,"name":"Syndrom de Long Covid"}]},{"@type":"WebSite","@id":"https:\/\/www.alviasana.com\/#website","url":"https:\/\/www.alviasana.com\/","name":"Alviasana","description":"Privatpraxis f\u00fcr Lyme-Borreliose und chronische Infektionen","publisher":{"@id":"https:\/\/www.alviasana.com\/#organization"},"potentialAction":[{"@type":"SearchAction","target":{"@type":"EntryPoint","urlTemplate":"https:\/\/www.alviasana.com\/?s={search_term_string}"},"query-input":{"@type":"PropertyValueSpecification","valueRequired":true,"valueName":"search_term_string"}}],"inLanguage":"fr-FR"},{"@type":"Organization","@id":"https:\/\/www.alviasana.com\/#organization","name":"Alviasana","url":"https:\/\/www.alviasana.com\/","logo":{"@type":"ImageObject","inLanguage":"fr-FR","@id":"https:\/\/www.alviasana.com\/#\/schema\/logo\/image\/","url":"https:\/\/www.alviasana.com\/wp-content\/uploads\/2021\/07\/Alvia_Logo_RGB.svg","contentUrl":"https:\/\/www.alviasana.com\/wp-content\/uploads\/2021\/07\/Alvia_Logo_RGB.svg","width":1,"height":1,"caption":"Alviasana"},"image":{"@id":"https:\/\/www.alviasana.com\/#\/schema\/logo\/image\/"}}]}},"_links":{"self":[{"href":"https:\/\/www.alviasana.com\/fr\/wp-json\/wp\/v2\/pages\/3026","targetHints":{"allow":["GET"]}}],"collection":[{"href":"https:\/\/www.alviasana.com\/fr\/wp-json\/wp\/v2\/pages"}],"about":[{"href":"https:\/\/www.alviasana.com\/fr\/wp-json\/wp\/v2\/types\/page"}],"author":[{"embeddable":true,"href":"https:\/\/www.alviasana.com\/fr\/wp-json\/wp\/v2\/users\/2"}],"replies":[{"embeddable":true,"href":"https:\/\/www.alviasana.com\/fr\/wp-json\/wp\/v2\/comments?post=3026"}],"version-history":[{"count":3,"href":"https:\/\/www.alviasana.com\/fr\/wp-json\/wp\/v2\/pages\/3026\/revisions"}],"predecessor-version":[{"id":3538,"href":"https:\/\/www.alviasana.com\/fr\/wp-json\/wp\/v2\/pages\/3026\/revisions\/3538"}],"up":[{"embeddable":true,"href":"https:\/\/www.alviasana.com\/fr\/wp-json\/wp\/v2\/pages\/3015"}],"wp:attachment":[{"href":"https:\/\/www.alviasana.com\/fr\/wp-json\/wp\/v2\/media?parent=3026"}],"curies":[{"name":"wp","href":"https:\/\/api.w.org\/{rel}","templated":true}]}}